{"id":95863,"date":"2016-03-31T18:07:26","date_gmt":"2016-03-31T16:07:26","guid":{"rendered":"https:\/\/www.smartystore.it\/prodotto\/cadre-dencliquetage-mural-angle-vif-a2\/"},"modified":"2025-10-14T13:11:59","modified_gmt":"2025-10-14T11:11:59","slug":"cadre-dencliquetage-mural-angle-vif-a2","status":"publish","type":"product","link":"https:\/\/www.smartystore.it\/fr\/prodotto\/cadre-dencliquetage-mural-angle-vif-a2\/","title":{"rendered":"Cadre d&rsquo;encliquetage mural Angle vif A2"},"content":{"rendered":"<div class=\"wpb-content-wrapper\"><p>[vc_row][vc_column][vc_column_text css=\u00a0\u00bb\u00a0\u00bb css_params=\u00a0\u00bb\u00a0\u00bb]<\/p>\n<h1>Cadre photo mural A2 avec angle vif : une option \u00e9l\u00e9gante et pratique<\/h1>\n<p>Le cadre mural A2 \u00e0 angle vif est une solution moderne et polyvalente pour l&rsquo;am\u00e9nagement des espaces publics et priv\u00e9s. Ce produit est con\u00e7u pour r\u00e9pondre aux besoins de ceux qui souhaitent afficher efficacement des imprim\u00e9s, des affiches ou des \u0153uvres d&rsquo;art de format A2, en garantissant une pr\u00e9sentation impeccable.<\/p>\n<h2>Conception et mat\u00e9riaux<\/h2>\n<p>Le cadre est en aluminium anodis\u00e9, un mat\u00e9riau connu pour sa l\u00e9g\u00e8ret\u00e9 et sa r\u00e9sistance aux intemp\u00e9ries, ce qui le rend parfait pour les applications int\u00e9rieures et ext\u00e9rieures. Le profil du cadre, appel\u00e9 Frame 25 (25 mm de large), offre une apparence \u00e9l\u00e9gante et minimaliste, tandis que le design \u00e0 angle aigu assure une finition raffin\u00e9e. Le fond du cadre est en polystyr\u00e8ne, un mat\u00e9riau qui offre une stabilit\u00e9 structurelle et une protection pour le contenu expos\u00e9.<\/p>\n<h2>Caract\u00e9ristiques techniques du cadre clipsable mural A2 avec angle vif<\/h2>\n<p>Les dimensions r\u00e9elles du cadre sont de 45,1 x 62,5 cm, avec une surface visible de 40 x 57,4 cm, ce qui optimise l&rsquo;exposition du mat\u00e9riel imprim\u00e9. Le cadre ne p\u00e8se que 1,03 kg, ce qui facilite son installation sur diverses surfaces. De plus, les trous au dos permettent une fixation murale rapide et facile, \u00e0 la verticale comme \u00e0 l&rsquo;horizontale. Chaque paquet comprend des vis et des chevilles pour une fixation s\u00fbre et durable.<\/p>\n<p>Un autre aspect fondamental est le film protecteur antireflet, qui garantit une visibilit\u00e9 maximale de l&rsquo;\u0153uvre expos\u00e9e, sans compromettre la qualit\u00e9 visuelle en raison de reflets ind\u00e9sirables. Cette caract\u00e9ristique est particuli\u00e8rement appr\u00e9ci\u00e9e dans les environnements lumineux ou les espaces \u00e0 \u00e9clairage direct, o\u00f9 le faisceau de lumi\u00e8re peut alt\u00e9rer la perception des couleurs et des d\u00e9tails.<\/p>\n<h2>Polyvalence d&rsquo;utilisation<\/h2>\n<p>Ce cadre clipsable mural est id\u00e9al pour un usage commercial, dans les galeries d&rsquo;art, les mus\u00e9es ou \u00e0 la maison, o\u00f9 vous souhaitez mettre en valeur des photographies de famille ou des \u0153uvres d&rsquo;art personnelles. Gr\u00e2ce \u00e0 son esth\u00e9tique discr\u00e8te et professionnelle, il s&rsquo;int\u00e8gre parfaitement dans n&rsquo;importe quel contexte et contribue \u00e0 mettre en valeur l&rsquo;environnement.<\/p>\n<p>En conclusion, le cadre mural A2 \u00e0 angle vif est un excellent choix pour tous ceux qui recherchent un produit de qualit\u00e9 au design attrayant et fonctionnel. Il permet non seulement d&rsquo;enrichir l&rsquo;espace d&rsquo;affichage, mais aussi de pr\u00e9server le contenu, garantissant ainsi un affichage durable et de qualit\u00e9.<\/p>\n<p style=\"text-align: center;\">Voyez la gamme de cadres \u00e0 clipser sur ce <strong><br \/>\n<a href=\"https:\/\/www.smartystore.it\/fr\/categoria-prodotto\/cadres-instantanes\/cadres-clic-clac\/\">LIEN<\/a><br \/>\n<\/strong><\/p>\n<h3>Caract\u00e9ristiques<\/h3>\n<ol>\n<li>Cadre d&rsquo;encliquetage mural.<\/li>\n<li>Le coin du direct.<\/li>\n<li>Trous au dos pour une application murale.<\/li>\n<li>Feuille de protection en PVC antireflet.<\/li>\n<li>Profil du cadre : Cadre 25 (largeur des bords mm. 25).<\/li>\n<li>Format imprim\u00e9 : A2 (mm. 420&#215;594).<\/li>\n<li>Mat\u00e9riau du cadre : aluminium<\/li>\n<li>Mat\u00e9riau du fond : polistyr\u00e8ne.<\/li>\n<li>Couleur : aluminium anodis\u00e9.<\/li>\n<li>Surface visible : 40 x 57,4 cm.<\/li>\n<li>Dimensions effectives du cadre : 45,1 x 62,5 cm.<\/li>\n<li>Poids du cadre : 1,03 kg.<\/li>\n<\/ol>\n<p>Fourni avec des vis et des chevilles pour le montage mural.<\/p>\n<p>&nbsp;<\/p>\n<p><a href=\"https:\/\/www.smartystore.it\/v25\/wp-content\/uploads\/2014\/03\/STR-CRPT11-12-18-14-15-16.pdf\" target=\"_blank\" rel=\"noopener\"><img loading=\"lazy\" decoding=\"async\" class=\"alignnone size-full wp-image-93510\" src=\"https:\/\/www.smartystore.it\/v25\/wp-content\/uploads\/2014\/10\/SchedaTecnica-300-e1750084266903.png\" alt=\"\" width=\"249\" height=\"63\" \/><\/a><\/p>\n<p>[\/vc_column_text][\/vc_column][\/vc_row]<\/p>\n<\/div>","protected":false},"excerpt":{"rendered":"<p>Cadre \u00e0 encliqueter en aluminium \u00e0 angle vif pour les imprim\u00e9s au format A2.<\/p>\n","protected":false},"featured_media":95862,"comment_status":"open","ping_status":"closed","template":"","meta":{"_acf_changed":false},"pwb-brand":[],"product_brand":[],"product_cat":[3008,2912],"product_tag":[5386,5384,5385,5000,4996,5390,5352,4993,5004,5388,5001,5028,4998,5389,4995,5287,5387,4999],"class_list":{"0":"post-95863","1":"product","2":"type-product","3":"status-publish","4":"has-post-thumbnail","6":"product_cat-cadres-clic-clac","7":"product_cat-cadres-instantanes","8":"product_tag-cadre-a-encliqueter-pour-posters-a2","9":"product_tag-cadre-dencliquetage-a2","10":"product_tag-cadre-dencliquetage-en-aluminium-a2","11":"product_tag-cadre-dencliquetage-horizontal-et-vertical","12":"product_tag-cadre-mural-encliquetable","13":"product_tag-cadres-a-clipser-a2-les-moins-chers","14":"product_tag-cadres-a-coins-ronds-15x21","15":"product_tag-cadres-clic-clac","16":"product_tag-cadres-click-clac-a-coins-ronds","17":"product_tag-cadres-click-clack-a2","18":"product_tag-cadres-de-messages-encliquetables","19":"product_tag-cadres-de-qualite-a-prix-reduit","20":"product_tag-cadres-muraux-encliquetables","21":"product_tag-cadres-photo-encliquetables-420x594","22":"product_tag-cadres-snap-a-bas-prix","23":"product_tag-cadres-snap-aux-prix-les-plus-bas","24":"product_tag-cliquez-sur-le-cadre-420x594","25":"product_tag-des-cadres-a-prix-abordables","26":"pa_c2c_angolo-vif","27":"pa_c2c_color-argent","28":"pa_c2c_dimensione-a2-42x60","29":"pa_c2c_mono_bifacciale-simple-face","30":"pa_c2c_trovraprezzi-oui","32":"first","33":"instock","34":"taxable","35":"shipping-taxable","36":"purchasable","37":"product-type-simple"},"acf":[],"yoast_head":"<!-- This site is optimized with the Yoast SEO plugin v27.4 - https:\/\/yoast.com\/product\/yoast-seo-wordpress\/ -->\n<title>Cadre d&#039;encliquetage mural Angle vif A2<\/title>\n<meta name=\"description\" content=\"Cadre mural en aluminium \u00e0 encliqueter A2 42x59,4 Angle Vivo. Achetez des cadres muraux \u00e0 utiliser comme syst\u00e8mes de communication modernes.\" \/>\n<meta name=\"robots\" content=\"index, follow, max-snippet:-1, max-image-preview:large, max-video-preview:-1\" \/>\n<link rel=\"canonical\" href=\"https:\/\/www.smartystore.it\/fr\/prodotto\/cadre-dencliquetage-mural-angle-vif-a2\/\" \/>\n<meta property=\"og:locale\" content=\"fr_FR\" \/>\n<meta property=\"og:type\" content=\"article\" \/>\n<meta property=\"og:title\" content=\"Cadre d&#039;encliquetage mural Angle vif A2\" \/>\n<meta property=\"og:description\" content=\"Cadre mural en aluminium \u00e0 encliqueter A2 42x59,4 Angle Vivo. Achetez des cadres muraux \u00e0 utiliser comme syst\u00e8mes de communication modernes.\" \/>\n<meta property=\"og:url\" content=\"https:\/\/www.smartystore.it\/fr\/prodotto\/cadre-dencliquetage-mural-angle-vif-a2\/\" \/>\n<meta property=\"og:site_name\" content=\"Smarty Store\" \/>\n<meta property=\"article:modified_time\" content=\"2025-10-14T11:11:59+00:00\" \/>\n<meta property=\"og:image\" content=\"https:\/\/www.smartystore.it\/v25\/wp-content\/uploads\/2016\/03\/Cornice-a-scatto-parete-A2-frame-25-angolo-vivo-1.jpg\" \/>\n\t<meta property=\"og:image:width\" content=\"1000\" \/>\n\t<meta property=\"og:image:height\" content=\"1000\" \/>\n\t<meta property=\"og:image:type\" content=\"image\/jpeg\" \/>\n<meta name=\"twitter:card\" content=\"summary_large_image\" \/>\n<meta name=\"twitter:label1\" content=\"Dur\u00e9e de lecture estim\u00e9e\" \/>\n\t<meta name=\"twitter:data1\" content=\"3 minutes\" \/>\n<script type=\"application\/ld+json\" class=\"yoast-schema-graph\">{\"@context\":\"https:\\\/\\\/schema.org\",\"@graph\":[{\"@type\":\"WebPage\",\"@id\":\"https:\\\/\\\/www.smartystore.it\\\/fr\\\/prodotto\\\/cadre-dencliquetage-mural-angle-vif-a2\\\/\",\"url\":\"https:\\\/\\\/www.smartystore.it\\\/fr\\\/prodotto\\\/cadre-dencliquetage-mural-angle-vif-a2\\\/\",\"name\":\"Cadre d'encliquetage mural Angle vif A2\",\"isPartOf\":{\"@id\":\"https:\\\/\\\/www.smartystore.it\\\/fr\\\/#website\"},\"primaryImageOfPage\":{\"@id\":\"https:\\\/\\\/www.smartystore.it\\\/fr\\\/prodotto\\\/cadre-dencliquetage-mural-angle-vif-a2\\\/#primaryimage\"},\"image\":{\"@id\":\"https:\\\/\\\/www.smartystore.it\\\/fr\\\/prodotto\\\/cadre-dencliquetage-mural-angle-vif-a2\\\/#primaryimage\"},\"thumbnailUrl\":\"https:\\\/\\\/www.smartystore.it\\\/v25\\\/wp-content\\\/uploads\\\/2016\\\/03\\\/Cornice-a-scatto-parete-A2-frame-25-angolo-vivo-1.jpg\",\"datePublished\":\"2016-03-31T16:07:26+00:00\",\"dateModified\":\"2025-10-14T11:11:59+00:00\",\"description\":\"Cadre mural en aluminium \u00e0 encliqueter A2 42x59,4 Angle Vivo. Achetez des cadres muraux \u00e0 utiliser comme syst\u00e8mes de communication modernes.\",\"breadcrumb\":{\"@id\":\"https:\\\/\\\/www.smartystore.it\\\/fr\\\/prodotto\\\/cadre-dencliquetage-mural-angle-vif-a2\\\/#breadcrumb\"},\"inLanguage\":\"fr-FR\",\"potentialAction\":[{\"@type\":\"ReadAction\",\"target\":[\"https:\\\/\\\/www.smartystore.it\\\/fr\\\/prodotto\\\/cadre-dencliquetage-mural-angle-vif-a2\\\/\"]}]},{\"@type\":\"ImageObject\",\"inLanguage\":\"fr-FR\",\"@id\":\"https:\\\/\\\/www.smartystore.it\\\/fr\\\/prodotto\\\/cadre-dencliquetage-mural-angle-vif-a2\\\/#primaryimage\",\"url\":\"https:\\\/\\\/www.smartystore.it\\\/v25\\\/wp-content\\\/uploads\\\/2016\\\/03\\\/Cornice-a-scatto-parete-A2-frame-25-angolo-vivo-1.jpg\",\"contentUrl\":\"https:\\\/\\\/www.smartystore.it\\\/v25\\\/wp-content\\\/uploads\\\/2016\\\/03\\\/Cornice-a-scatto-parete-A2-frame-25-angolo-vivo-1.jpg\",\"width\":1000,\"height\":1000,\"caption\":\"Cadre d'encliquetage mural Angle vif A2\"},{\"@type\":\"BreadcrumbList\",\"@id\":\"https:\\\/\\\/www.smartystore.it\\\/fr\\\/prodotto\\\/cadre-dencliquetage-mural-angle-vif-a2\\\/#breadcrumb\",\"itemListElement\":[{\"@type\":\"ListItem\",\"position\":1,\"name\":\"Home\",\"item\":\"https:\\\/\\\/www.smartystore.it\\\/fr\\\/\"},{\"@type\":\"ListItem\",\"position\":2,\"name\":\"Boutique\",\"item\":\"https:\\\/\\\/www.smartystore.it\\\/fr\\\/boutique\\\/\"},{\"@type\":\"ListItem\",\"position\":3,\"name\":\"Cadre d&rsquo;encliquetage mural Angle vif A2\"}]},{\"@type\":\"WebSite\",\"@id\":\"https:\\\/\\\/www.smartystore.it\\\/fr\\\/#website\",\"url\":\"https:\\\/\\\/www.smartystore.it\\\/fr\\\/\",\"name\":\"Smarty Store\",\"description\":\"Espositori Pubblicitari e Sistemi di Comunicazione Visiva\",\"potentialAction\":[{\"@type\":\"SearchAction\",\"target\":{\"@type\":\"EntryPoint\",\"urlTemplate\":\"https:\\\/\\\/www.smartystore.it\\\/fr\\\/?s={search_term_string}\"},\"query-input\":{\"@type\":\"PropertyValueSpecification\",\"valueRequired\":true,\"valueName\":\"search_term_string\"}}],\"inLanguage\":\"fr-FR\"}]}<\/script>\n<!-- \/ Yoast SEO plugin. -->","yoast_head_json":{"title":"Cadre d'encliquetage mural Angle vif A2","description":"Cadre mural en aluminium \u00e0 encliqueter A2 42x59,4 Angle Vivo. Achetez des cadres muraux \u00e0 utiliser comme syst\u00e8mes de communication modernes.","robots":{"index":"index","follow":"follow","max-snippet":"max-snippet:-1","max-image-preview":"max-image-preview:large","max-video-preview":"max-video-preview:-1"},"canonical":"https:\/\/www.smartystore.it\/fr\/prodotto\/cadre-dencliquetage-mural-angle-vif-a2\/","og_locale":"fr_FR","og_type":"article","og_title":"Cadre d'encliquetage mural Angle vif A2","og_description":"Cadre mural en aluminium \u00e0 encliqueter A2 42x59,4 Angle Vivo. Achetez des cadres muraux \u00e0 utiliser comme syst\u00e8mes de communication modernes.","og_url":"https:\/\/www.smartystore.it\/fr\/prodotto\/cadre-dencliquetage-mural-angle-vif-a2\/","og_site_name":"Smarty Store","article_modified_time":"2025-10-14T11:11:59+00:00","og_image":[{"width":1000,"height":1000,"url":"https:\/\/www.smartystore.it\/v25\/wp-content\/uploads\/2016\/03\/Cornice-a-scatto-parete-A2-frame-25-angolo-vivo-1.jpg","type":"image\/jpeg"}],"twitter_card":"summary_large_image","twitter_misc":{"Dur\u00e9e de lecture estim\u00e9e":"3 minutes"},"schema":{"@context":"https:\/\/schema.org","@graph":[{"@type":"WebPage","@id":"https:\/\/www.smartystore.it\/fr\/prodotto\/cadre-dencliquetage-mural-angle-vif-a2\/","url":"https:\/\/www.smartystore.it\/fr\/prodotto\/cadre-dencliquetage-mural-angle-vif-a2\/","name":"Cadre d'encliquetage mural Angle vif A2","isPartOf":{"@id":"https:\/\/www.smartystore.it\/fr\/#website"},"primaryImageOfPage":{"@id":"https:\/\/www.smartystore.it\/fr\/prodotto\/cadre-dencliquetage-mural-angle-vif-a2\/#primaryimage"},"image":{"@id":"https:\/\/www.smartystore.it\/fr\/prodotto\/cadre-dencliquetage-mural-angle-vif-a2\/#primaryimage"},"thumbnailUrl":"https:\/\/www.smartystore.it\/v25\/wp-content\/uploads\/2016\/03\/Cornice-a-scatto-parete-A2-frame-25-angolo-vivo-1.jpg","datePublished":"2016-03-31T16:07:26+00:00","dateModified":"2025-10-14T11:11:59+00:00","description":"Cadre mural en aluminium \u00e0 encliqueter A2 42x59,4 Angle Vivo. Achetez des cadres muraux \u00e0 utiliser comme syst\u00e8mes de communication modernes.","breadcrumb":{"@id":"https:\/\/www.smartystore.it\/fr\/prodotto\/cadre-dencliquetage-mural-angle-vif-a2\/#breadcrumb"},"inLanguage":"fr-FR","potentialAction":[{"@type":"ReadAction","target":["https:\/\/www.smartystore.it\/fr\/prodotto\/cadre-dencliquetage-mural-angle-vif-a2\/"]}]},{"@type":"ImageObject","inLanguage":"fr-FR","@id":"https:\/\/www.smartystore.it\/fr\/prodotto\/cadre-dencliquetage-mural-angle-vif-a2\/#primaryimage","url":"https:\/\/www.smartystore.it\/v25\/wp-content\/uploads\/2016\/03\/Cornice-a-scatto-parete-A2-frame-25-angolo-vivo-1.jpg","contentUrl":"https:\/\/www.smartystore.it\/v25\/wp-content\/uploads\/2016\/03\/Cornice-a-scatto-parete-A2-frame-25-angolo-vivo-1.jpg","width":1000,"height":1000,"caption":"Cadre d'encliquetage mural Angle vif A2"},{"@type":"BreadcrumbList","@id":"https:\/\/www.smartystore.it\/fr\/prodotto\/cadre-dencliquetage-mural-angle-vif-a2\/#breadcrumb","itemListElement":[{"@type":"ListItem","position":1,"name":"Home","item":"https:\/\/www.smartystore.it\/fr\/"},{"@type":"ListItem","position":2,"name":"Boutique","item":"https:\/\/www.smartystore.it\/fr\/boutique\/"},{"@type":"ListItem","position":3,"name":"Cadre d&rsquo;encliquetage mural Angle vif A2"}]},{"@type":"WebSite","@id":"https:\/\/www.smartystore.it\/fr\/#website","url":"https:\/\/www.smartystore.it\/fr\/","name":"Smarty Store","description":"Espositori Pubblicitari e Sistemi di Comunicazione Visiva","potentialAction":[{"@type":"SearchAction","target":{"@type":"EntryPoint","urlTemplate":"https:\/\/www.smartystore.it\/fr\/?s={search_term_string}"},"query-input":{"@type":"PropertyValueSpecification","valueRequired":true,"valueName":"search_term_string"}}],"inLanguage":"fr-FR"}]}},"brands":[],"_links":{"self":[{"href":"https:\/\/www.smartystore.it\/fr\/wp-json\/wp\/v2\/product\/95863","targetHints":{"allow":["GET"]}}],"collection":[{"href":"https:\/\/www.smartystore.it\/fr\/wp-json\/wp\/v2\/product"}],"about":[{"href":"https:\/\/www.smartystore.it\/fr\/wp-json\/wp\/v2\/types\/product"}],"replies":[{"embeddable":true,"href":"https:\/\/www.smartystore.it\/fr\/wp-json\/wp\/v2\/comments?post=95863"}],"wp:featuredmedia":[{"embeddable":true,"href":"https:\/\/www.smartystore.it\/fr\/wp-json\/wp\/v2\/media\/95862"}],"wp:attachment":[{"href":"https:\/\/www.smartystore.it\/fr\/wp-json\/wp\/v2\/media?parent=95863"}],"wp:term":[{"taxonomy":"pwb-brand","embeddable":true,"href":"https:\/\/www.smartystore.it\/fr\/wp-json\/wp\/v2\/pwb-brand?post=95863"},{"taxonomy":"product_brand","embeddable":true,"href":"https:\/\/www.smartystore.it\/fr\/wp-json\/wp\/v2\/product_brand?post=95863"},{"taxonomy":"product_cat","embeddable":true,"href":"https:\/\/www.smartystore.it\/fr\/wp-json\/wp\/v2\/product_cat?post=95863"},{"taxonomy":"product_tag","embeddable":true,"href":"https:\/\/www.smartystore.it\/fr\/wp-json\/wp\/v2\/product_tag?post=95863"}],"curies":[{"name":"wp","href":"https:\/\/api.w.org\/{rel}","templated":true}]}}