{"id":47651,"date":"2019-06-27T15:12:26","date_gmt":"2019-06-27T15:12:26","guid":{"rendered":"https:\/\/www.smartystore.it\/prodotto\/mini-totem-da-esterno-a-colonna\/"},"modified":"2026-02-12T16:14:24","modified_gmt":"2026-02-12T14:14:24","slug":"mini-totem-da-esterno-a-colonna","status":"publish","type":"product","link":"https:\/\/www.smartystore.it\/fr\/prodotto\/mini-totem-da-esterno-a-colonna\/","title":{"rendered":"Mini totem da esterno a colonna"},"content":{"rendered":"<p>Espositori bifacciali da esterno composti da:<\/p>\n<p>Base circolare in metallo verniciato a polveri da cm.35-45 di diametro con fori per fissaggio a terra.<\/p>\n<p>Alezza totem: cm 140<\/p>\n<p>Totem bifacciali con profili in alluminio.<\/p>\n<p>Fondo in lamiera preverniciato bianco<\/p>\n<p>Stampa su vinile adesivo su entrambi i lati.<\/p>\n<p>Targe disponibili in varie dimensioni:<\/p>\n<table style=\"background-color: #ffffff; border: 1px solid #000000;\" border=\"1\">\n<tbody>\n<tr>\n<td style=\"text-align: center;\">CODICE PRODOTTO<\/td>\n<td style=\"text-align: center;\">FORMATO TARGA<\/td>\n<td style=\"text-align: center;\">AREA VISIBILE<\/td>\n<td style=\"text-align: center;\">PESO (in Kg.)<\/td>\n<\/tr>\n<tr>\n<td style=\"text-align: center;\">STR-MITO03\/L<\/td>\n<td style=\"text-align: center;\">cm. 21&#215;140<\/td>\n<td style=\"text-align: center;\">cm. 18&#215;140<\/td>\n<td style=\"text-align: center;\">15,00<\/td>\n<\/tr>\n<tr>\n<td style=\"text-align: center;\">STR-MITO08\/L<\/td>\n<td style=\"text-align: center;\">cm. 30&#215;140<\/td>\n<td style=\"text-align: center;\">cm. 27&#215;140<\/td>\n<td style=\"text-align: center;\">15,00<\/td>\n<\/tr>\n<tr>\n<td style=\"text-align: center;\">STR-MITO12\/L<\/td>\n<td style=\"text-align: center;\">cm. 42&#215;140<\/td>\n<td style=\"text-align: center;\">cm. 39&#215;140<\/td>\n<td style=\"text-align: center;\">18,00<\/td>\n<\/tr>\n<\/tbody>\n<\/table>\n<p>&nbsp;<\/p>\n<p><span style=\"color: #993300;\"><b>PER IL FILE DI GRAFICA: creare il file delle dimensioni indicate nella sezione \u00ab\u00a0FORMATO TARGA\u00a0\u00bb tenendo presente di non inserire testi e\/o immagini nei due cm laterali (scala 1:1) con i testi convertiti in tracciati, dopo il salvataggio del file in formato PDF (risoluzione minima di 200 dpi) inviare il documento all&rsquo;indirizzo di posta elettronica\u00a0<\/b><\/span><a href=\"mailto:grafica@smartystore.it\"><b>grafica@smartystore.it<\/b><\/a><b>\u00a0<\/b><span style=\"color: #993300;\"><b>facendo riferimento al numero di ordine.<\/b><\/span><\/p>\n<p><a href=\"https:\/\/www.smartystore.it\/v25\/wp-content\/uploads\/2019\/06\/STR-MITO03L-08L-12L.pdf\" target=\"_blank\" rel=\"noopener\"><img loading=\"lazy\" decoding=\"async\" class=\"alignnone size-full wp-image-93510\" src=\"https:\/\/www.smartystore.it\/v25\/wp-content\/uploads\/2014\/10\/SchedaTecnica-300-e1750084266903.png\" alt=\"\" width=\"249\" height=\"63\" \/><\/a><\/p>\n<p>&nbsp;<\/p>\n<p><b>SERVIZI DI GRAFICA E STAMPA<\/b><\/p>\n<p>Smarty Store pu\u00f2 fornire il servizio di impaginazione e\/o della stampa.<\/p>\n<p>Se viene richiesto il servizio di sola stampa, il cliente dovr\u00e0 inviare il file di stampa in formato PDF. La grafica verr\u00e0 stampata cos\u00ec come ricevuta nel file.<\/p>\n<p>Se viene richiesto il servizio di impaginazione, la nostra struttura si metter\u00e0 in contatto telefonico con il cliente per le necessarie informazioni. Dall&rsquo;impostazione grafica restano escluse le immagini che dovranno essere fornite dal cliente o quotate separatamente.<br \/>\nIl cliente ricever\u00e0 la proposta grafica in formato PDF per approvazione.<\/p>\n<p><b>ATTENZIONE:<\/b><br \/>\nI colori visualizzati possono differire da monitor a monitor. Per i colori di stampa \u00e8 necessario fare sempre riferimento alla scala Pantone.<br \/>\nSmarty Store non si assume alcuna responsabilit\u00e0 nel caso di colori controllati dal cliente solo sul proprio monitor.<\/p>\n<p>&nbsp;<\/p>\n","protected":false},"excerpt":{"rendered":"<p>Mini totem bifacciali da esterno. Disponibili in vari formati.<\/p>\n","protected":false},"featured_media":62638,"comment_status":"open","ping_status":"closed","template":"","meta":{"_acf_changed":false},"pwb-brand":[],"product_brand":[],"product_cat":[2069,2109,2045],"product_tag":[],"class_list":{"0":"post-47651","1":"product","2":"type-product","3":"status-publish","4":"has-post-thumbnail","6":"product_cat-mini-totem","7":"product_cat-totem-da-interno-ed-esterno","8":"product_cat-totem-pubblicitari-informativi","9":"pa_c2c_color-28-silver","10":"pa_c2c_dimensione-94-cm21x140","11":"pa_c2c_dimensione-62-cm30x140","12":"pa_c2c_dimensione-05-cm42x140","13":"pa_c2c_grafica-f2-no","14":"pa_c2c_grafica-e4-si","15":"pa_c2c_mono_bifacciale-19-bifacciale","16":"pa_c2c_mono_bifacciale-ca-monofacciale","17":"pa_c2c_stampa-94-cm21x140","18":"pa_c2c_stampa-62-cm30x140","19":"pa_c2c_stampa-05-cm42x140","20":"pa_c2c_stampa-f2-no","21":"pa_c2c_trovraprezzi-ae-si","23":"first","24":"instock","25":"taxable","26":"shipping-taxable","27":"purchasable","28":"product-type-variable"},"acf":[],"yoast_head":"<!-- This site is optimized with the Yoast SEO plugin v27.4 - https:\/\/yoast.com\/product\/yoast-seo-wordpress\/ -->\n<title>Mini totem da esterno a colonna - Smarty Store<\/title>\n<meta name=\"robots\" content=\"index, follow, max-snippet:-1, max-image-preview:large, max-video-preview:-1\" \/>\n<link rel=\"canonical\" href=\"https:\/\/www.smartystore.it\/fr\/prodotto\/mini-totem-da-esterno-a-colonna\/\" \/>\n<meta property=\"og:locale\" content=\"fr_FR\" \/>\n<meta property=\"og:type\" content=\"article\" \/>\n<meta property=\"og:title\" content=\"Mini totem da esterno a colonna - Smarty Store\" \/>\n<meta property=\"og:description\" content=\"Mini totem bifacciali da esterno. Disponibili in vari formati.\" \/>\n<meta property=\"og:url\" content=\"https:\/\/www.smartystore.it\/fr\/prodotto\/mini-totem-da-esterno-a-colonna\/\" \/>\n<meta property=\"og:site_name\" content=\"Smarty Store\" \/>\n<meta property=\"article:modified_time\" content=\"2026-02-12T14:14:24+00:00\" \/>\n<meta property=\"og:image\" content=\"https:\/\/www.smartystore.it\/v25\/wp-content\/uploads\/2014\/10\/Mini-totem-bifacciale-21x140-ambientato.jpg\" \/>\n\t<meta property=\"og:image:width\" content=\"1000\" \/>\n\t<meta property=\"og:image:height\" content=\"1000\" \/>\n\t<meta property=\"og:image:type\" content=\"image\/jpeg\" \/>\n<meta name=\"twitter:card\" content=\"summary_large_image\" \/>\n<meta name=\"twitter:label1\" content=\"Dur\u00e9e de lecture estim\u00e9e\" \/>\n\t<meta name=\"twitter:data1\" content=\"2 minutes\" \/>\n<script type=\"application\/ld+json\" class=\"yoast-schema-graph\">{\"@context\":\"https:\\\/\\\/schema.org\",\"@graph\":[{\"@type\":\"WebPage\",\"@id\":\"https:\\\/\\\/www.smartystore.it\\\/fr\\\/prodotto\\\/mini-totem-da-esterno-a-colonna\\\/\",\"url\":\"https:\\\/\\\/www.smartystore.it\\\/fr\\\/prodotto\\\/mini-totem-da-esterno-a-colonna\\\/\",\"name\":\"Mini totem da esterno a colonna - Smarty Store\",\"isPartOf\":{\"@id\":\"https:\\\/\\\/www.smartystore.it\\\/fr\\\/#website\"},\"primaryImageOfPage\":{\"@id\":\"https:\\\/\\\/www.smartystore.it\\\/fr\\\/prodotto\\\/mini-totem-da-esterno-a-colonna\\\/#primaryimage\"},\"image\":{\"@id\":\"https:\\\/\\\/www.smartystore.it\\\/fr\\\/prodotto\\\/mini-totem-da-esterno-a-colonna\\\/#primaryimage\"},\"thumbnailUrl\":\"https:\\\/\\\/www.smartystore.it\\\/v25\\\/wp-content\\\/uploads\\\/2014\\\/10\\\/Mini-totem-bifacciale-21x140-ambientato.jpg\",\"datePublished\":\"2019-06-27T15:12:26+00:00\",\"dateModified\":\"2026-02-12T14:14:24+00:00\",\"breadcrumb\":{\"@id\":\"https:\\\/\\\/www.smartystore.it\\\/fr\\\/prodotto\\\/mini-totem-da-esterno-a-colonna\\\/#breadcrumb\"},\"inLanguage\":\"fr-FR\",\"potentialAction\":[{\"@type\":\"ReadAction\",\"target\":[\"https:\\\/\\\/www.smartystore.it\\\/fr\\\/prodotto\\\/mini-totem-da-esterno-a-colonna\\\/\"]}]},{\"@type\":\"ImageObject\",\"inLanguage\":\"fr-FR\",\"@id\":\"https:\\\/\\\/www.smartystore.it\\\/fr\\\/prodotto\\\/mini-totem-da-esterno-a-colonna\\\/#primaryimage\",\"url\":\"https:\\\/\\\/www.smartystore.it\\\/v25\\\/wp-content\\\/uploads\\\/2014\\\/10\\\/Mini-totem-bifacciale-21x140-ambientato.jpg\",\"contentUrl\":\"https:\\\/\\\/www.smartystore.it\\\/v25\\\/wp-content\\\/uploads\\\/2014\\\/10\\\/Mini-totem-bifacciale-21x140-ambientato.jpg\",\"width\":1000,\"height\":1000},{\"@type\":\"BreadcrumbList\",\"@id\":\"https:\\\/\\\/www.smartystore.it\\\/fr\\\/prodotto\\\/mini-totem-da-esterno-a-colonna\\\/#breadcrumb\",\"itemListElement\":[{\"@type\":\"ListItem\",\"position\":1,\"name\":\"Home\",\"item\":\"https:\\\/\\\/www.smartystore.it\\\/fr\\\/\"},{\"@type\":\"ListItem\",\"position\":2,\"name\":\"Boutique\",\"item\":\"https:\\\/\\\/www.smartystore.it\\\/fr\\\/boutique\\\/\"},{\"@type\":\"ListItem\",\"position\":3,\"name\":\"Mini totem da esterno a colonna\"}]},{\"@type\":\"WebSite\",\"@id\":\"https:\\\/\\\/www.smartystore.it\\\/fr\\\/#website\",\"url\":\"https:\\\/\\\/www.smartystore.it\\\/fr\\\/\",\"name\":\"Smarty Store\",\"description\":\"Espositori Pubblicitari e Sistemi di Comunicazione Visiva\",\"potentialAction\":[{\"@type\":\"SearchAction\",\"target\":{\"@type\":\"EntryPoint\",\"urlTemplate\":\"https:\\\/\\\/www.smartystore.it\\\/fr\\\/?s={search_term_string}\"},\"query-input\":{\"@type\":\"PropertyValueSpecification\",\"valueRequired\":true,\"valueName\":\"search_term_string\"}}],\"inLanguage\":\"fr-FR\"}]}<\/script>\n<!-- \/ Yoast SEO plugin. -->","yoast_head_json":{"title":"Mini totem da esterno a colonna - Smarty Store","robots":{"index":"index","follow":"follow","max-snippet":"max-snippet:-1","max-image-preview":"max-image-preview:large","max-video-preview":"max-video-preview:-1"},"canonical":"https:\/\/www.smartystore.it\/fr\/prodotto\/mini-totem-da-esterno-a-colonna\/","og_locale":"fr_FR","og_type":"article","og_title":"Mini totem da esterno a colonna - Smarty Store","og_description":"Mini totem bifacciali da esterno. Disponibili in vari formati.","og_url":"https:\/\/www.smartystore.it\/fr\/prodotto\/mini-totem-da-esterno-a-colonna\/","og_site_name":"Smarty Store","article_modified_time":"2026-02-12T14:14:24+00:00","og_image":[{"width":1000,"height":1000,"url":"https:\/\/www.smartystore.it\/v25\/wp-content\/uploads\/2014\/10\/Mini-totem-bifacciale-21x140-ambientato.jpg","type":"image\/jpeg"}],"twitter_card":"summary_large_image","twitter_misc":{"Dur\u00e9e de lecture estim\u00e9e":"2 minutes"},"schema":{"@context":"https:\/\/schema.org","@graph":[{"@type":"WebPage","@id":"https:\/\/www.smartystore.it\/fr\/prodotto\/mini-totem-da-esterno-a-colonna\/","url":"https:\/\/www.smartystore.it\/fr\/prodotto\/mini-totem-da-esterno-a-colonna\/","name":"Mini totem da esterno a colonna - Smarty Store","isPartOf":{"@id":"https:\/\/www.smartystore.it\/fr\/#website"},"primaryImageOfPage":{"@id":"https:\/\/www.smartystore.it\/fr\/prodotto\/mini-totem-da-esterno-a-colonna\/#primaryimage"},"image":{"@id":"https:\/\/www.smartystore.it\/fr\/prodotto\/mini-totem-da-esterno-a-colonna\/#primaryimage"},"thumbnailUrl":"https:\/\/www.smartystore.it\/v25\/wp-content\/uploads\/2014\/10\/Mini-totem-bifacciale-21x140-ambientato.jpg","datePublished":"2019-06-27T15:12:26+00:00","dateModified":"2026-02-12T14:14:24+00:00","breadcrumb":{"@id":"https:\/\/www.smartystore.it\/fr\/prodotto\/mini-totem-da-esterno-a-colonna\/#breadcrumb"},"inLanguage":"fr-FR","potentialAction":[{"@type":"ReadAction","target":["https:\/\/www.smartystore.it\/fr\/prodotto\/mini-totem-da-esterno-a-colonna\/"]}]},{"@type":"ImageObject","inLanguage":"fr-FR","@id":"https:\/\/www.smartystore.it\/fr\/prodotto\/mini-totem-da-esterno-a-colonna\/#primaryimage","url":"https:\/\/www.smartystore.it\/v25\/wp-content\/uploads\/2014\/10\/Mini-totem-bifacciale-21x140-ambientato.jpg","contentUrl":"https:\/\/www.smartystore.it\/v25\/wp-content\/uploads\/2014\/10\/Mini-totem-bifacciale-21x140-ambientato.jpg","width":1000,"height":1000},{"@type":"BreadcrumbList","@id":"https:\/\/www.smartystore.it\/fr\/prodotto\/mini-totem-da-esterno-a-colonna\/#breadcrumb","itemListElement":[{"@type":"ListItem","position":1,"name":"Home","item":"https:\/\/www.smartystore.it\/fr\/"},{"@type":"ListItem","position":2,"name":"Boutique","item":"https:\/\/www.smartystore.it\/fr\/boutique\/"},{"@type":"ListItem","position":3,"name":"Mini totem da esterno a colonna"}]},{"@type":"WebSite","@id":"https:\/\/www.smartystore.it\/fr\/#website","url":"https:\/\/www.smartystore.it\/fr\/","name":"Smarty Store","description":"Espositori Pubblicitari e Sistemi di Comunicazione Visiva","potentialAction":[{"@type":"SearchAction","target":{"@type":"EntryPoint","urlTemplate":"https:\/\/www.smartystore.it\/fr\/?s={search_term_string}"},"query-input":{"@type":"PropertyValueSpecification","valueRequired":true,"valueName":"search_term_string"}}],"inLanguage":"fr-FR"}]}},"brands":[],"_links":{"self":[{"href":"https:\/\/www.smartystore.it\/fr\/wp-json\/wp\/v2\/product\/47651","targetHints":{"allow":["GET"]}}],"collection":[{"href":"https:\/\/www.smartystore.it\/fr\/wp-json\/wp\/v2\/product"}],"about":[{"href":"https:\/\/www.smartystore.it\/fr\/wp-json\/wp\/v2\/types\/product"}],"replies":[{"embeddable":true,"href":"https:\/\/www.smartystore.it\/fr\/wp-json\/wp\/v2\/comments?post=47651"}],"wp:featuredmedia":[{"embeddable":true,"href":"https:\/\/www.smartystore.it\/fr\/wp-json\/wp\/v2\/media\/62638"}],"wp:attachment":[{"href":"https:\/\/www.smartystore.it\/fr\/wp-json\/wp\/v2\/media?parent=47651"}],"wp:term":[{"taxonomy":"pwb-brand","embeddable":true,"href":"https:\/\/www.smartystore.it\/fr\/wp-json\/wp\/v2\/pwb-brand?post=47651"},{"taxonomy":"product_brand","embeddable":true,"href":"https:\/\/www.smartystore.it\/fr\/wp-json\/wp\/v2\/product_brand?post=47651"},{"taxonomy":"product_cat","embeddable":true,"href":"https:\/\/www.smartystore.it\/fr\/wp-json\/wp\/v2\/product_cat?post=47651"},{"taxonomy":"product_tag","embeddable":true,"href":"https:\/\/www.smartystore.it\/fr\/wp-json\/wp\/v2\/product_tag?post=47651"}],"curies":[{"name":"wp","href":"https:\/\/api.w.org\/{rel}","templated":true}]}}